{"id":379,"date":"2018-02-16T21:31:41","date_gmt":"2018-02-16T21:31:41","guid":{"rendered":"http:\/\/www.etreavec.net\/?page_id=379"},"modified":"2019-03-12T00:29:39","modified_gmt":"2019-03-12T00:29:39","slug":"webinaires-psychologue-lyon-6","status":"publish","type":"page","link":"http:\/\/www.etreavec.net\/index.php\/webinaires-psychologue-lyon-6\/","title":{"rendered":"WEBINAIRES"},"content":{"rendered":"<table>\n<tbody>\n<tr>\n<td><\/td>\n<td><\/td>\n<td><\/td>\n<\/tr>\n<\/tbody>\n<\/table>\n<p><em>Webinaires \/ parentalit\u00e9<br \/>\n<\/em><\/p>\n<h6><span style=\"color: #ff9900;\"><strong>LE MERCREDI 21 MARS de <\/strong><\/span><strong><span style=\"color: #ff9900;\">20h30h \u00e0 21h<\/span><em><br \/>\n<\/em><\/strong>en ligne, gratuit<\/h6>\n<p><strong>\u00catre avec &#8211; <\/strong>Web rencontre<strong><br \/>\n<\/strong><strong>L\u2019exp\u00e9rience d&rsquo;\u00eatre entendu<\/strong><strong><br \/>\n<\/strong><em>Pour les parents, adultes en relation avec des enfants&#8230;ou pas!<\/em><br \/>\n<em>\u00a0<\/em><\/p>\n<p><em>Une pause, du temps&#8230;\u201cl\u2019oreille\u201d d&rsquo;un \u00eatre ouvert, int\u00e9ress\u00e9&#8230;le regard qui se propose, les bras ouverts pr\u00eats a accueillir&#8230;de l&rsquo;attention, de la confiance&#8230;<\/em><br \/>\n<em><br \/>\nL\u2019exp\u00e9rience d&rsquo;un environnement s\u00e9curisant, d&rsquo;une \u00ab\u00a0pr\u00e9sence\u00a0\u00bb qui ne juge pas, qui \u00ab\u00a0ne fait rien d&rsquo;autre\u00a0\u00bb que de nous proposer de \u00ab\u00a0tenir\u00a0\u00bb cette espace accueillent, accompagnant.<br \/>\nPour qu&rsquo;on puisse vivre et explorer notre v\u00e9cu nous-m\u00eame et suivre le mouvement de devenir pleinement qui nous sommes.<\/em><\/p>\n<p>Une exp\u00e9rience similaire fait partie de votre quotidien ?<\/p>\n<p>Elle ressemble aux instants de votre \u00ab\u00a0album\u00a0\u00bb de m\u00e9moires d&rsquo;enfance ?<\/p>\n<p>C&rsquo;est une r\u00e9alit\u00e9 de votre enfant ?<\/p>\n<p>Ou peut-\u00eatre pas&#8230; ?<\/p>\n<p>Peut-\u00eatre pas du tout ?<\/p>\n<p>&#8230;<\/p>\n<p>Vous avez envie d\u2019exp\u00e9rimenter la puissance d\u2019\u00e9coute emphatique, pr\u00e9sent ?<\/p>\n<p>Vous souhaitez pouvoir la proposer aux autres, \u00e0 vous m\u00eame, aux vos enfants ?<\/p>\n<h6><strong>Rejoignez nous \u00e0 cette web rencontre, pour explorer la n\u00e9cessite humaine de se sentir entendu &#8211; <\/strong><strong>un besoin profond\u00e9ment en lien avec le d\u00e9veloppement, \u00e9panouissement et le bien-\u00eatre de tous &#8230; et surtout des enfants.<\/strong><\/h6>\n<p>Pendant 90 minutes, en petit groupe cr\u00e9\u00e9 pour cet \u00e9v\u00e9nement, nous allons prendre du temps pour nous rencontrer, partager, discuter et pratiquer diff\u00e9rents mani\u00e8res \u00ab\u00a0d&rsquo;\u00e9couter\u00a0\u00bb avec pr\u00e9sence, attention, ouverture, non-jugement, confiance.<\/p>\n<p><strong>Nous allons nous connecter via une application appel\u00e9e Zoom &#8211; <\/strong>gratuite \u00e0 t\u00e9l\u00e9charger<br \/>\n&#8211; Elle vous permet de vous connecter de chez vous<br \/>\n&#8211; En activant la vid\u00e9o on peut tous se voir et pleinement participer \u00e0 la discussion en groupe.<br \/>\n&#8211; L&rsquo;application nous permet aussi d&rsquo;\u00eatre en bin\u00f4mes &#8211; dans le \u00ab\u00a0chambres\u00a0\u00bb s\u00e9par\u00e9es pour faire les pratiques et puis revenir en grand groupe pour partager nos exp\u00e9riences<br \/>\n&#8211; Apr\u00e8s le temps pr\u00e9vu pour la web rencontre vous pouvez choisir de vous d\u00e9connecter ou bien rester encore pour en discuter avec d&rsquo;autres.<\/p>\n<p><strong>Novices en web conf\u00e9rences et rencontres ?<\/strong><br \/>\nVous sentez une r\u00e9ticence vis \u00e0 vis de\u00a0cette exp\u00e9rience virtuelle&#8230;elle vous semble un peu artificielle ? Rien que de penser \u00e0 la phrase \u00ab\u00a0t\u00e9l\u00e9charger l&rsquo;application\u00a0\u00bb vous donne des sueurs froides ?<br \/>\nC&rsquo;est compr\u00e9hensible.<br \/>\nC&rsquo;est vrai que c&rsquo;est un peu contre intuitif de parler d&rsquo;\u00e9coute, de lien en face d&rsquo;un \u00e9cran \u2013 ce m\u00eame outil qui nous d\u00e9connecte des autres et de\u00a0nous-m\u00eames tellement de fois dans la journ\u00e9e.<br \/>\nMais l&rsquo;intention peut compl\u00e8tement changer la donne.<br \/>\nAvec l&rsquo;intention de se connecter, d\u00e9couvrir, rencontrer, \u00e9couter&#8230;l&rsquo;internet offre un immense potentiel.<br \/>\nEt \u00e7a marche !<br \/>\nNotre capacit\u00e9 \u00e0 se sentir en lien chaleureux avec des autres, m\u00eame \u00e0 travers de \u00ab\u00a0froideur\u00a0\u00bb \u00e9lectronique, est assez remarquable.<\/p>\n<p>Pr\u00eat pour tenter l\u2019exp\u00e9rience ?<\/p>\n<p>Apr\u00e8s votre inscription vous allez recevoir un mail avec les (tr\u00e8s simples) instructions de t\u00e9l\u00e9chargement du programme et un lien pour rejoindre la r\u00e9union \u00e0 l\u2019heure pr\u00e9vue.<\/p>\n<h6><a href=\"http:\/\/www.etreavec.net\/index.php\/inscription\/\" data-saferedirecturl=\"https:\/\/www.google.com\/url?hl=en-GB&amp;q=http:\/\/www.etreavec.net\/index.php\/inscription\/&amp;source=gmail&amp;ust=1521150364864000&amp;usg=AFQjCNEPkFjEWKcPOiNklaibWM94K7-0Bw\">J<span style=\"color: #ff9900;\">E M&rsquo;INSCRIS<\/span><\/a><\/h6>\n<p>Si vous vous sentez encore pas&#8230;donnez vous du temps&#8230;<\/p>\n<p>D\u2019autres r\u00e9unions son \u00e0 venir.<\/p>\n<h6><span style=\"color: #ff9900;\"><strong>Jeudi, 22 f\u00e9vrier de 17h30 \u00e0 19h<\/strong><\/span><br \/>\n<span style=\"color: #808080;\"> en ligne, gratuit<\/span><\/h6>\n<p><strong>\u00catre avec<br \/>\n<\/strong><strong>Revisiter l&rsquo;importance\u00a0 de se sentir connect\u00e9, en lien<\/strong><br \/>\n<span style=\"color: #ff6600;\"><em><span style=\"color: #ff9900;\">Pour les parents, adultes en relation avec des enfants&#8230;ou pas?<\/span><br \/>\n<\/em><\/span><\/p>\n<p>Au cours des vingt derni\u00e8res ann\u00e9es, toutes les \u00e9tudes neurologiques sugg\u00e8rent que nos exp\u00e9riences fa\u00e7onnent notre architecture neuronale et que pour cela nos relations avec d&rsquo;autres \u00eatres humains sont les exp\u00e9riences les plus importantes.<\/p>\n<p><em>Elle forment litt\u00e9ralement qui nous sommes.<\/em><\/p>\n<p>Durant cette web rencontre, nous allons explorer la n\u00e9cessit\u00e9 de se sentir en lien et par cons\u00e9quence en s\u00e9curit\u00e9 &#8211; sp\u00e9cialement pour un enfant .<br \/>\n\u00c9tant un \u00eatre vuln\u00e9rable et d\u00e9pendant, l&rsquo;enfant a besoin des adultes non seulement pour l\u2019aider \u00e0 survivre physiquement, mais aussi pour <em>se d\u00e9velopper avec\u00a0 eux<\/em> \u2013 dans un environnement s\u00e9curisant, empathique, accueillant.<br \/>\nPour pouvoir lui offrir cet environnement, l\u2019adulte doit nourrir <em>cet espace bienveillant ouvert, int\u00e9ress\u00e9 <\/em>pour <em>soi-m\u00eame.<\/em><\/p>\n<p>\u00c9vident ?<br \/>\nFacile\u00a0?<br \/>\nFatiguant\u00a0?<\/p>\n<p><em>Le soupir, le regard, le toucher, les sensations, le rire, du temps, la pens\u00e9e, le mouvement<br \/>\n<\/em><br \/>\nComment nous connectons-nous?<br \/>\nAvec nous-m\u00eame, l\u2019autre, avec notre enfant\u00a0?<br \/>\nComment\u00a0 nous d\u00e9connectons-nous ?<br \/>\nComment r\u00e9parons-nous la connexion ?<\/p>\n<h6>Rejoignez-nous pour 90 minutes de cette rencontre.<br \/>\nEn petit groupe\u00a0cr\u00e9e pour cet \u00e9v\u00e9nement, nous allons prendre du temps pour nous rencontrer, partager, discuter et pratiquer les mani\u00e8res de se sentir en lien, avec nous-m\u00eame et avec l&rsquo;enfant.<\/h6>\n<p>Nous allons nous connecter via une application appel\u00e9e Zoom &#8211; gratuite \u00e0 t\u00e9l\u00e9charger. Elle vous permet de vous connecter de chez vous, avec vid\u00e9o pour pouvoir pleinement participer \u00e0 la discussion et aux pratiques en grand et petits groupes.<\/p>\n<p><a href=\"http:\/\/www.etreavec.net\/index.php\/inscription\/\"><span style=\"color: #ff9900;\">JE M&rsquo;INSCRIS !<\/span><\/a><\/p>\n","protected":false},"excerpt":{"rendered":"<p>Webinaires \/ parentalit\u00e9 LE MERCREDI 21 MARS de 20h30h \u00e0 21h en ligne, gratuit \u00catre avec &#8211; Web rencontre L\u2019exp\u00e9rience d&rsquo;\u00eatre entendu Pour les parents,&#8230;<\/p>\n<div class=\"more-link-wrapper\"><a class=\"more-link\" href=\"http:\/\/www.etreavec.net\/index.php\/webinaires-psychologue-lyon-6\/\">Continue Reading<span class=\"screen-reader-text\">WEBINAIRES<\/span><\/a><\/div>\n","protected":false},"author":1,"featured_media":0,"parent":0,"menu_order":0,"comment_status":"closed","ping_status":"closed","template":"","meta":{"footnotes":""},"class_list":["post-379","page","type-page","status-publish","hentry","entry"],"_links":{"self":[{"href":"http:\/\/www.etreavec.net\/index.php\/wp-json\/wp\/v2\/pages\/379","targetHints":{"allow":["GET"]}}],"collection":[{"href":"http:\/\/www.etreavec.net\/index.php\/wp-json\/wp\/v2\/pages"}],"about":[{"href":"http:\/\/www.etreavec.net\/index.php\/wp-json\/wp\/v2\/types\/page"}],"author":[{"embeddable":true,"href":"http:\/\/www.etreavec.net\/index.php\/wp-json\/wp\/v2\/users\/1"}],"replies":[{"embeddable":true,"href":"http:\/\/www.etreavec.net\/index.php\/wp-json\/wp\/v2\/comments?post=379"}],"version-history":[{"count":17,"href":"http:\/\/www.etreavec.net\/index.php\/wp-json\/wp\/v2\/pages\/379\/revisions"}],"predecessor-version":[{"id":970,"href":"http:\/\/www.etreavec.net\/index.php\/wp-json\/wp\/v2\/pages\/379\/revisions\/970"}],"wp:attachment":[{"href":"http:\/\/www.etreavec.net\/index.php\/wp-json\/wp\/v2\/media?parent=379"}],"curies":[{"name":"wp","href":"https:\/\/api.w.org\/{rel}","templated":true}]}}